{"id":6329,"date":"2021-12-06T00:16:00","date_gmt":"2021-12-06T00:16:00","guid":{"rendered":"https:\/\/pruebas.nouensemble.com\/event\/text-im-klang\/"},"modified":"2021-12-06T00:16:00","modified_gmt":"2021-12-06T00:16:00","slug":"text-im-klang","status":"publish","type":"tribe_events","link":"https:\/\/www.schallfeldensemble.com\/de\/event\/text-im-klang\/","title":{"rendered":"Text im Klang"},"content":{"rendered":"<p><!--:de--><\/p>\n<p>Mediale Verschr\u00e4nkungen k\u00f6nnen verschiedene Ziele haben und unterschiedliche Qualit\u00e4ten ausbilden, im Projekt (Prozess) TEXT IM KLANG liegt der Fokus auf dem Impuls. Gerhild Steinbuch, Natascha Gangl, Stefan Schmitzer und Alexander Micheuz stellten Texte \u2013 Gedichte, Miniaturen, Prosa und Dramatisches \u2013 zur Verf\u00fcgung, die die Kompositionsprozesse von Tamara Friebel, Martin Hiendl, Sehyung Kim und Eun-Ji Lee initialz\u00fcndeten. Nicht Vertonungen im klassischen Sinn sind intendiert, keine \u00dcbersetzungen mit Stimme oder Sprecher, keine klanglichen Repr\u00e4sentationen der Texte, gefragt sind vielmehr die Texte als Movens in ihren zum Beispiel rhythmischen und syntaktischen Qualit\u00e4ten, in ihren klangsprachlichen F\u00e4rbungen, als semantische Widerlager. In den Prozess der Komposition eingebunden sind InterpretInnen, die ihrerseits im Einarbeitungsprozess mit den Komponierenden zusammenarbeiten. <strong>TEXT IM KLANG<\/strong> ist eine Kooperation von<a href=\"http:\/\/www.impuls.cc\" target=\"_blank\" rel=\"noopener\"> impuls <\/a>. Verein zur Vermittlung zeitgen\u00f6ssischer Musik\u00a0 mit dem Kulturzentrum bei den Minoriten.<\/p>\n<p>&nbsp;<\/p>\n<h4>URAUFF\u00dcHRUNGEN von impuls Kompositionsauftr\u00e4gen und LESUNGEN<\/h4>\n<p>Tamara Friebel . Text Gerhild Steinbuch Martin Hiendl . Text Natascha Gangl Eun-Ji Lee . Text Stefan Schmitzer Sehyung Kim . Text Alexander Micheuz<\/p>\n<h4>INTERPRETiNNEN<\/h4>\n<p><strong>Ensemble Schallfeld<\/strong> Georgia Privitera, Violine Myriam Garc\u00eda Fidalgo, Violoncello Margarethe Maierhofer-Lischka, Kontrabass Zinajda Kodric, Fl\u00f6te Szil\u00e1rd Benes, Klarinette Matej Bunderla, Saxophon Leonhard Garms, Dirigent Peter Venus, Ton<\/p>\n<h4>TEXT IM KLANG. GESPR\u00c4CH.<\/h4>\n<p>16.30 Uhr ImCubus, Mariahilferplatz 3\/I, 8020 Graz Impuls und Moderation: Clemens GADENST\u00c4TTER Statements und Diskussion der beteiligten K\u00fcnstlerInnen \/ Eintritt frei<\/p>\n<h4>TEXT IM KLANG. URAUFF\u00dcHRUNGEN von impuls Kompositionsauftr\u00e4gen und LESUNGEN<\/h4>\n<p>19.00 Uhr Minoritensaal, Mariahilferplatz 3, 8020 Graz\/ Eintritt: 12.- \/ 7.-<\/p>\n<h4><\/h4>\n<p><!--:--><\/p>\n","protected":false},"excerpt":{"rendered":"<p>Mediale Verschr\u00e4nkungen k\u00f6nnen verschiedene Ziele haben und unterschiedliche Qualit\u00e4ten ausbilden, im Projekt (Prozess) TEXT IM KLANG liegt der Fokus auf dem Impuls. Gerhild Steinbuch, Natascha Gangl, Stefan Schmitzer und Alexander [&hellip;]<\/p>\n<p><a href=\"https:\/\/www.schallfeldensemble.com\/de\/event\/text-im-klang\/\" class=\"more-link style3-button\">Weiterlesen<\/a><\/p>","protected":false},"author":1,"featured_media":0,"template":"","meta":{"_tribe_events_status":"","_tribe_events_status_reason":"","footnotes":""},"tags":[],"tribe_events_cat":[],"class_list":["post-6329","tribe_events","type-tribe_events","status-publish","hentry"],"_links":{"self":[{"href":"https:\/\/www.schallfeldensemble.com\/de\/wp-json\/wp\/v2\/tribe_events\/6329","targetHints":{"allow":["GET"]}}],"collection":[{"href":"https:\/\/www.schallfeldensemble.com\/de\/wp-json\/wp\/v2\/tribe_events"}],"about":[{"href":"https:\/\/www.schallfeldensemble.com\/de\/wp-json\/wp\/v2\/types\/tribe_events"}],"author":[{"embeddable":true,"href":"https:\/\/www.schallfeldensemble.com\/de\/wp-json\/wp\/v2\/users\/1"}],"version-history":[{"count":0,"href":"https:\/\/www.schallfeldensemble.com\/de\/wp-json\/wp\/v2\/tribe_events\/6329\/revisions"}],"wp:attachment":[{"href":"https:\/\/www.schallfeldensemble.com\/de\/wp-json\/wp\/v2\/media?parent=6329"}],"wp:term":[{"taxonomy":"post_tag","embeddable":true,"href":"https:\/\/www.schallfeldensemble.com\/de\/wp-json\/wp\/v2\/tags?post=6329"},{"taxonomy":"tribe_events_cat","embeddable":true,"href":"https:\/\/www.schallfeldensemble.com\/de\/wp-json\/wp\/v2\/tribe_events_cat?post=6329"}],"curies":[{"name":"wp","href":"https:\/\/api.w.org\/{rel}","templated":true}]}}