{"id":6334,"date":"2021-12-06T00:22:33","date_gmt":"2021-12-06T00:22:33","guid":{"rendered":"https:\/\/pruebas.nouensemble.com\/event\/die-verbindung-wird-gehalten\/"},"modified":"2021-12-06T00:22:33","modified_gmt":"2021-12-06T00:22:33","slug":"die-verbindung-wird-gehalten","status":"publish","type":"tribe_events","link":"https:\/\/www.schallfeldensemble.com\/de\/event\/die-verbindung-wird-gehalten\/","title":{"rendered":"Die Verbindung wird gehalten"},"content":{"rendered":"<p>Live-H\u00f6rspiel in Kunstkopf-Stereofonie<\/p>\n<p>Ein Mann geht durch Graz und kontaktiert dabei Gott, Birgit, das Publikum, seine Mutter, \u00d6sterreich, die \u00d6BB, die Bewohner*innen von KEPLER 186 und ein paar alte Bekannte. Dabei entsteht ein Bild von abgebrochenen Kontakten und prek\u00e4ren Verbindungen zwischen \u00f6ffentlichen und intimen R\u00e4umen, Realit\u00e4t und Fiktion, Drinnen und Drau\u00dfen, Paranoia und spazierengehen.<\/p>\n<p>Das St\u00fcck ist speziell f\u00fcr das Radio als B\u00fchne entwickelt worden. Dabei wird um die Stimme im Mittelpunkt ein auditiver Raum geschaffen, in dem sich Kl\u00e4nge wie eigene Charaktere r\u00e4umlich anordnen und bewegen<br \/>\nk\u00f6nnen.<br \/>\nDie genaue r\u00e4umliche Darstellung wird durch die Verwendung der Kunstkopf-Stereofonie erreicht, die seit 40Jahren im Radio verwendet wird.<br \/>\nZur Wahrnehmung der vollen Raumwirkung ist tragen von Kopfh\u00f6rern erforderlich.<\/p>\n<p>Performer:<br \/>\nJohannes Schrettle (Telefon)<br \/>\nMargarethe Maierhofer-Lischka (Kontrabass+Elektronik)<br \/>\nAndres Gutierrez (Elektronik)<br \/>\nDavid Pirro (Elektronik)<br \/>\nPeter Venus (Elektronik)<\/p>\n","protected":false},"excerpt":{"rendered":"<p>Live-H\u00f6rspiel in Kunstkopf-Stereofonie Ein Mann geht durch Graz und kontaktiert dabei Gott, Birgit, das Publikum, seine Mutter, \u00d6sterreich, die \u00d6BB, die Bewohner*innen von KEPLER 186 und ein paar alte Bekannte. [&hellip;]<\/p>\n<p><a href=\"https:\/\/www.schallfeldensemble.com\/de\/event\/die-verbindung-wird-gehalten\/\" class=\"more-link style3-button\">Weiterlesen<\/a><\/p>","protected":false},"author":1,"featured_media":0,"template":"","meta":{"_tribe_events_status":"","_tribe_events_status_reason":"","footnotes":""},"tags":[],"tribe_events_cat":[],"class_list":["post-6334","tribe_events","type-tribe_events","status-publish","hentry"],"_links":{"self":[{"href":"https:\/\/www.schallfeldensemble.com\/de\/wp-json\/wp\/v2\/tribe_events\/6334","targetHints":{"allow":["GET"]}}],"collection":[{"href":"https:\/\/www.schallfeldensemble.com\/de\/wp-json\/wp\/v2\/tribe_events"}],"about":[{"href":"https:\/\/www.schallfeldensemble.com\/de\/wp-json\/wp\/v2\/types\/tribe_events"}],"author":[{"embeddable":true,"href":"https:\/\/www.schallfeldensemble.com\/de\/wp-json\/wp\/v2\/users\/1"}],"version-history":[{"count":0,"href":"https:\/\/www.schallfeldensemble.com\/de\/wp-json\/wp\/v2\/tribe_events\/6334\/revisions"}],"wp:attachment":[{"href":"https:\/\/www.schallfeldensemble.com\/de\/wp-json\/wp\/v2\/media?parent=6334"}],"wp:term":[{"taxonomy":"post_tag","embeddable":true,"href":"https:\/\/www.schallfeldensemble.com\/de\/wp-json\/wp\/v2\/tags?post=6334"},{"taxonomy":"tribe_events_cat","embeddable":true,"href":"https:\/\/www.schallfeldensemble.com\/de\/wp-json\/wp\/v2\/tribe_events_cat?post=6334"}],"curies":[{"name":"wp","href":"https:\/\/api.w.org\/{rel}","templated":true}]}}