{"id":6338,"date":"2021-12-06T00:27:46","date_gmt":"2021-12-06T00:27:46","guid":{"rendered":"https:\/\/pruebas.nouensemble.com\/event\/beschauung-beschallung\/"},"modified":"2021-12-06T00:27:46","modified_gmt":"2021-12-06T00:27:46","slug":"beschauung-beschallung","status":"publish","type":"tribe_events","link":"https:\/\/www.schallfeldensemble.com\/de\/event\/beschauung-beschallung\/","title":{"rendered":"beschauung\/beschallung"},"content":{"rendered":"<p>Vom 12. bis 15. Dezember wird in den neuen R\u00e4umen des esc medien kunst labor (vormals: esc im labor) ein Fest veranstaltet, wo das Publikum \u201emit den Ohren sehen und mit den Augen h\u00f6ren\u201c soll. Ziel ist es, ein breites Spektrum aktueller Musik(theater)formen zu zeigen, die sich alle dem Verh\u00e4ltnis von Klingendem und Sichtbaren zueinander widmen. Neben Musiktheaterwerken geh\u00f6ren eine Ausstellung, Performances\/Improvisationen und Konzerte zum Programm.<br \/>\n<!--more--> Die Opernplattform NOW hat es sich vorgenommen, jedes Jahr jeweils drei neue Werke entstehen zu lassen, welche nun vom 12.-15.12. pr\u00e4sentiert werden. Das Werk \u201eH\u00f6rschauarena\u201c f\u00fcr 9 unsichtbare Ausf\u00fchrende, Metronom und Publikum wurde bereits im Oktober in Graz uraufgef\u00fchrt. Es realisiert eine offene, partizipative Vorstellung von Oper. Grundidee ist, da\u00df das Publikum sich frei im Raum bewegen und am Klangergebnis teilnehmen kann, w\u00e4hrend die ausf\u00fchrenden MusikerInnen nicht sichtbar sind. Teil des Festivals ist das Taufkonzert des 2013 von Anna Kropfelder neugegr\u00fcndeten Quki Ensembles (Matej Bunderla, Ivan Trenev, Yulan Yu, Julian Rogge). In ihrem Konzert stehen Urauff\u00fchrungen von und mit Yulan Yu, Harald G\u00fcnther Kainer, Flora Gei\u00dfelbrecht, Christof Ressi\/Andr\u00e9s Guti\u00e9rrez, Hristina Takovska und Adam McCarney auf dem Programm. Das Performance-Projekt \u201evoices of no(i)sense\u201c (Flora K\u00f6nemann \u2013 Electronics, Text, Stimme, Margarethe Maierhofer-Lischa \u2013 Kontrabass, Electronics, Objekte , Yvonne Hofmeister \u2013 Stimme) besch\u00e4ftigt sich auf performativ-improvisierte Weise damit, wie Instrumente und Kl\u00e4nge unsere Wahrnehmung, unsere Bewegungen und unsere K\u00f6rper ver\u00e4ndern. Das Fest \u201ebeschauung \/ beschallung\u201c wird veranstaltet von \u201eNOW! Oper der Gegenwart\u201c und der \u201enA yeAh kompAnie\u201c in Zusammenarbeit mit dem esc medien kunst labor und \u201eSchallfeld \u2013 Kulturverein f\u00fcr zeitgen\u00f6ssische Musik und Klangkunst\u201c.<\/p>\n","protected":false},"excerpt":{"rendered":"<p>Vom 12. bis 15. Dezember wird in den neuen R\u00e4umen des esc medien kunst labor (vormals: esc im labor) ein Fest veranstaltet, wo das Publikum \u201emit den Ohren sehen und [&hellip;]<\/p>\n<p><a href=\"https:\/\/www.schallfeldensemble.com\/de\/event\/beschauung-beschallung\/\" class=\"more-link style3-button\">Weiterlesen<\/a><\/p>","protected":false},"author":1,"featured_media":0,"template":"","meta":{"_tribe_events_status":"","_tribe_events_status_reason":"","footnotes":""},"tags":[],"tribe_events_cat":[],"class_list":["post-6338","tribe_events","type-tribe_events","status-publish","hentry"],"_links":{"self":[{"href":"https:\/\/www.schallfeldensemble.com\/de\/wp-json\/wp\/v2\/tribe_events\/6338","targetHints":{"allow":["GET"]}}],"collection":[{"href":"https:\/\/www.schallfeldensemble.com\/de\/wp-json\/wp\/v2\/tribe_events"}],"about":[{"href":"https:\/\/www.schallfeldensemble.com\/de\/wp-json\/wp\/v2\/types\/tribe_events"}],"author":[{"embeddable":true,"href":"https:\/\/www.schallfeldensemble.com\/de\/wp-json\/wp\/v2\/users\/1"}],"version-history":[{"count":0,"href":"https:\/\/www.schallfeldensemble.com\/de\/wp-json\/wp\/v2\/tribe_events\/6338\/revisions"}],"wp:attachment":[{"href":"https:\/\/www.schallfeldensemble.com\/de\/wp-json\/wp\/v2\/media?parent=6338"}],"wp:term":[{"taxonomy":"post_tag","embeddable":true,"href":"https:\/\/www.schallfeldensemble.com\/de\/wp-json\/wp\/v2\/tags?post=6338"},{"taxonomy":"tribe_events_cat","embeddable":true,"href":"https:\/\/www.schallfeldensemble.com\/de\/wp-json\/wp\/v2\/tribe_events_cat?post=6338"}],"curies":[{"name":"wp","href":"https:\/\/api.w.org\/{rel}","templated":true}]}}